{"id":14476,"date":"2025-03-27T16:41:08","date_gmt":"2025-03-27T14:41:08","guid":{"rendered":"https:\/\/amalashes.com\/?post_type=product&#038;p=14476"},"modified":"2026-04-24T00:21:39","modified_gmt":"2026-04-23T21:21:39","slug":"extensii-gene-negre-0-10-amaria-collection-ama-lashes","status":"publish","type":"product","link":"https:\/\/amalashes.com\/gb\/produs\/extensii-gene-negre-0-10-amaria-collection-ama-lashes\/","title":{"rendered":"Extensii Gene Negre 0.10 Amaria Collection &#8211; AMA Lashes"},"content":{"rendered":"<p style=\"text-align: center;\" data-path-to-node=\"3\">Atunci c\u00e2nd performan\u021ba \u00eent\u00e2lne\u0219te m\u0103iestria tehnic\u0103, rezultatul este gama de extensii gene negre\u00a0 0.10 Amaria Collection de la AMA Lashes.<\/p>\n<p style=\"text-align: center;\" data-path-to-node=\"3\">O gam\u0103 de extensii de gene creat\u0103 special pentru a redefini standardele de calitate \u00een industria de lash making.<\/p>\n<p style=\"text-align: center;\" data-path-to-node=\"3\">Dezvoltat\u0103 al\u0103turi de unii dintre cei mai experimenta\u021bi produc\u0103tori la nivel global.<\/p>\n<p style=\"text-align: center;\" data-path-to-node=\"3\">Aceast\u0103 colec\u021bie de extensii de gene negre cu grosimea de 0.10 \u0219i curbura C , CC sau D reprezint\u0103 instrumentul ideal pentru lash arti\u0219tii.<\/p>\n<p style=\"text-align: center;\" data-path-to-node=\"3\">Lash artist care doresc s\u0103 ofere un volum impecabil \u0219i o experien\u021b\u0103 de aplicare f\u0103r\u0103 efort.<\/p>\n<p style=\"text-align: center;\" data-path-to-node=\"4\"><strong>Standardul de Aur \u00een Curbura C, CC sau D<\/strong><\/p>\n<p data-path-to-node=\"4\"><!--more--><\/p>\n<p style=\"text-align: center;\" data-path-to-node=\"4\"><strong>Inova\u021bia Materialelor:<\/strong><\/p>\n<h2 style=\"text-align: center;\" data-path-to-node=\"4\">Mixul Perfect de Polimeri al acestor <span style=\"color: #000000;\"><a style=\"color: #000000;\" href=\"https:\/\/amalashes.com\/produs\/extensii-gene-negre-007-hypnotic-collection-by-ama-lashes\/\">extensii<\/a><\/span> gene negre 0.10 Amaria Collection<\/h2>\n<p style=\"text-align: center;\" data-path-to-node=\"5\">Calitatea indiscutabil\u0103 a extensiilor Amaria porne\u0219te de la structura lor molecular\u0103.<\/p>\n<p style=\"text-align: center;\" data-path-to-node=\"5\">Acestea sunt realizate dintr-un mix premium compus din <b data-path-to-node=\"5\" data-index-in-node=\"141\">98% PBT (Polybutylene Terephthalate)<\/b> \u0219i <b data-path-to-node=\"5\" data-index-in-node=\"181\">2% polimeri de specialitate<\/b>.<\/p>\n<p style=\"text-align: center;\" data-path-to-node=\"5\">Aceast\u0103 formul\u0103 precis\u0103 nu este \u00eent\u00e2mpl\u0103toare: cei 2% polimeri adi\u021bionali dicteaz\u0103 flexibilitatea firului, prevenind rigiditatea excesiv\u0103.<\/p>\n<p style=\"text-align: center;\" data-path-to-node=\"6\">\u00cen procesul de fabrica\u021bie, aceast\u0103 combina\u021bie creeaz\u0103 un fir de polimer u\u0219or, dar extrem de rezistent, prev\u0103zut cu <b data-path-to-node=\"6\" data-index-in-node=\"115\">micro-gauri de suprafa\u021b\u0103<\/b>.<\/p>\n<p style=\"text-align: center;\" data-path-to-node=\"6\">De\u0219i invizibile, aceste micro-gauri joac\u0103 un rol critic \u00een reten\u021bie, deoarece cresc eficacitatea suprafe\u021bei de contact cu <span style=\"color: #000000;\"><a style=\"color: #000000;\" href=\"https:\/\/amalashes.com\/produs\/adeziv-extensii-gene-magnetic-grey-3ml-ama-lashes\/\">adezivul<\/a><\/span>.<\/p>\n<p style=\"text-align: center;\" data-path-to-node=\"6\">Astfel, extensia \u201eader\u0103\u201d mult mai puternic la geana natural\u0103, asigur\u00e2nd o purtare de lung\u0103 durat\u0103 pentru client\u0103.<\/p>\n<p style=\"text-align: center;\" data-path-to-node=\"7\"><strong>Tehnologia Benzii \u0219i Eficien\u021ba \u00een Aplicare<\/strong><\/p>\n<p style=\"text-align: center;\" data-path-to-node=\"8\">Unul dintre cele mai mari avantaje ale colec\u021biei Amaria este <b data-path-to-node=\"8\" data-index-in-node=\"61\">banda de 3 mm l\u0103\u021bime<\/b>.<\/p>\n<p style=\"text-align: center;\" data-path-to-node=\"8\">Aceasta a fost proiectat\u0103 pentru a fi versatil\u0103: este ideal\u0103 at\u00e2t pentru tehnicienii care lucreaz\u0103 manual, c\u00e2t \u0219i pentru cei care prefer\u0103 s\u0103 creeze <span style=\"color: #000000;\"><a style=\"color: #000000;\" href=\"https:\/\/amalashes.com\/produs\/penseta-extensii-gene-curbura-l-ama-lashes\/\">evantaie<\/a> <\/span>direct pe band\u0103.<\/p>\n<p style=\"text-align: center;\" data-path-to-node=\"9\">Inova\u021bia major\u0103 const\u0103 \u00een compozi\u021bia specific\u0103 a adezivului de la baza benzii.<\/p>\n<p style=\"text-align: center;\" data-path-to-node=\"9\">Acesta permite o desprindere ordonat\u0103, f\u0103r\u0103 reziduuri care s\u0103 murd\u0103reasc\u0103 penseta sau s\u0103 afecteze baza evantaiului.<\/p>\n<p style=\"text-align: center;\" data-path-to-node=\"9\">Mai mult, banda este rezistent\u0103 la temperaturi ridicate.<\/p>\n<p style=\"text-align: center;\" data-path-to-node=\"9\">Un detaliu tehnic esen\u021bial care previne topirea sau deformarea firelor \u00een timpul procesului complex de coacere.<\/p>\n<p style=\"text-align: center;\" data-path-to-node=\"10\"><strong>Culoare Intens\u0103 \u0219i Controlul Curburii\u00a0<\/strong><\/p>\n<h3 style=\"text-align: center;\" data-path-to-node=\"11\"><b data-path-to-node=\"11\" data-index-in-node=\"0\">Extensii gene negre 0.10 Amaria Collection<\/b> se remarc\u0103 printr-o nuan\u021b\u0103 de negru intens, profund, cu un <b data-path-to-node=\"11\" data-index-in-node=\"82\">finisaj semi-mat<\/b>.<\/h3>\n<p style=\"text-align: center;\" data-path-to-node=\"11\">Datorit\u0103 colorantului de \u00eenalt\u0103 calitate \u0219i a amestecului omogen, <span style=\"color: #000000;\"><a style=\"color: #000000;\" href=\"https:\/\/amalashes.com\/produs\/extensii-gene-colorate-rosu-ama-lashes\/\">culoarea<\/a> <\/span>r\u0103m\u00e2ne uniform\u0103 de la r\u0103d\u0103cin\u0103 p\u00e2n\u0103 la v\u00e2rf, f\u0103r\u0103 reflexii de gri sau albastru.<\/p>\n<p style=\"text-align: center;\" data-path-to-node=\"12\">Controlul calit\u0103\u021bii se extinde \u0219i asupra procesului de coacere, unde ani de experien\u021b\u0103 dicteaz\u0103 temperatura \u0219i timpul optim.<\/p>\n<ul style=\"text-align: center;\" data-path-to-node=\"13\">\n<li>\n<p data-path-to-node=\"13,0,0\"><b data-path-to-node=\"13,0,0\" data-index-in-node=\"0\">Coacerea optim\u0103:<\/b> Garanteaz\u0103 c\u0103 <b data-path-to-node=\"13,0,0\" data-index-in-node=\"31\">curburile\u00a0 C,<\/b> <strong>CC<\/strong> si <strong>D<\/strong> r\u0103m\u00e2n stabile \u0219i nu se \u201elas\u0103\u201d \u00een timp sub influen\u021ba umidit\u0103\u021bii sau a temperaturii corpului.<\/p>\n<\/li>\n<li>\n<p data-path-to-node=\"13,1,0\"><b data-path-to-node=\"13,1,0\" data-index-in-node=\"0\">Densitate Maxim\u0103:<\/b> Fiecare r\u00e2nd este lucrat cu o densitate ridicat\u0103 de fire. Oferindu-\u021bi mai multe gene \u00een fiecare cutie \u0219i facilit\u00e2nd realizarea pun\u021bilor \u0219i a volumelor spectaculoase.<\/p>\n<\/li>\n<\/ul>\n<p style=\"text-align: center;\" data-path-to-node=\"14\">Design Exclusiv: Cutia cu Deschidere Vertical\u0103<\/p>\n<p style=\"text-align: center;\" data-path-to-node=\"15\">Pentru a completa experien\u021ba de lux, am creat o cutie unic\u0103 pentru colec\u021bia Amaria.<\/p>\n<p style=\"text-align: center;\" data-path-to-node=\"15\"><b data-path-to-node=\"15\" data-index-in-node=\"84\">Sistemul de deschidere vertical\u0103<\/b> nu este doar o alegere estetic\u0103, ci una func\u021bional\u0103. Permite tehnicianului s\u0103 acceseze rapid benzile de gene f\u0103r\u0103 a incomoda restul cutiei. Protej\u00e2nd astfel materialul de praf sau atingeri accidentale.<\/p>\n<h3 style=\"text-align: center;\" data-path-to-node=\"16\">Concluzie<\/h3>\n<p style=\"text-align: center;\" data-path-to-node=\"17\">Extensiile de gene 0.10 <b data-path-to-node=\"17\" data-index-in-node=\"19\">Amaria Collection by <span style=\"color: #000000;\"><a style=\"color: #000000;\" href=\"https:\/\/www.facebook.com\/amalashesacademy\">AMA Lashes<\/a><\/span><\/b> sunt mai mult dec\u00e2t un accesoriu; sunt o investi\u021bie \u00een precizia \u0219i succesul t\u0103u ca lash artist.<\/p>\n<p style=\"text-align: center;\" data-path-to-node=\"17\">Calitatea lor superioar\u0103 le transform\u0103 \u00een elementul indispensabil din trusa oric\u0103rui tehnician profesionist care \u00ee\u0219i dore\u0219te ca fiecare aplicare s\u0103 fie o oper\u0103 de art\u0103.<\/p>\n","protected":false},"excerpt":{"rendered":"<p style=\"text-align: center;\"><strong>Culoare:<\/strong><br \/>\nExtra Glamour Black &#8211; Culoare creeata special pentru AMA Lashes<\/p>\n<p style=\"text-align: center;\"><span style=\"color: #808080;\">\u00a0<\/span><\/p>\n<p style=\"text-align: center;\"><strong><span style=\"color: #800000;\">* TRANSPORT GRATUIT IN ROMANIA<br \/>\nla toate comenzile de peste 450 lei<\/span><\/strong><\/p>\n<p style=\"text-align: center;\"><strong><span style=\"color: #800000;\">* TRANSPORT GRATUIT IN EUROPA<br \/>\nla toate comenzile de peste 1500 lei<\/span><\/strong><\/p>\n<p>&nbsp;<\/p>\n","protected":false},"featured_media":18707,"comment_status":"open","ping_status":"closed","template":"","meta":[],"product_brand":[],"product_cat":[374],"product_tag":[1112,1234,1176,958,1002,693,520,1586,669,1588,1587,889,836],"class_list":{"0":"post-14476","1":"product","2":"type-product","3":"status-publish","4":"has-post-thumbnail","6":"product_cat-extensii-gene-fir-cu-fir-ama-lashes","7":"product_tag-aplicare-extensii-de-gene","8":"product_tag-caseta-gene-negre","9":"product_tag-extensi-gene-fir-cu-fir","10":"product_tag-extensii-gene-negre","11":"product_tag-extensii-gene-profesionale","12":"product_tag-extensii-negre","13":"product_tag-eyelash-extensions","14":"product_tag-gene-ideale-volum","15":"product_tag-gene-negre","16":"product_tag-gene-pentru-evantaie","17":"product_tag-gene-pentru-volum","18":"product_tag-intretinere-extensii-gene","19":"product_tag-produse-extensii-gene","21":"first","22":"instock","23":"taxable","24":"shipping-taxable","25":"purchasable","26":"product-type-variable","27":"has-default-attributes"},"translation":{"provider":"WPGlobus","version":"3.0.2","language":"gb","enabled_languages":["ro","gb"],"languages":{"ro":{"title":true,"content":true,"excerpt":true},"gb":{"title":false,"content":false,"excerpt":false}}},"yoast_head":"<!-- This site is optimized with the Yoast SEO plugin v27.4 - https:\/\/yoast.com\/product\/yoast-seo-wordpress\/ -->\n<title>Extensii gene negre 0.10 Amaria | AMA Lashes<\/title>\n<meta name=\"robots\" content=\"index, follow, max-snippet:-1, max-image-preview:large, max-video-preview:-1\" \/>\n<link rel=\"canonical\" href=\"https:\/\/amalashes.com\/produs\/extensii-gene-negre-0-10-amaria-collection-ama-lashes\/\" \/>\n<meta property=\"og:locale\" content=\"en_GB\" \/>\n<meta property=\"og:type\" content=\"article\" \/>\n<meta property=\"og:title\" content=\"Extensii Gene Negre 0.10 Amaria Collection - AMA Lashes | AMA Lashes\" \/>\n<meta property=\"og:url\" content=\"https:\/\/amalashes.com\/produs\/extensii-gene-negre-0-10-amaria-collection-ama-lashes\/\" \/>\n<meta property=\"og:site_name\" content=\"AMA Lashes\" \/>\n<meta property=\"article:publisher\" content=\"https:\/\/www.facebook.com\/amalashesacademy\/\" \/>\n<meta property=\"article:modified_time\" content=\"2026-04-23T21:21:39+00:00\" \/>\n<meta property=\"og:image\" content=\"https:\/\/amalashes.com\/wp-content\/uploads\/2025\/03\/extensii-gene-negre-0.10-amaria-collection-ama-lashes.png\" \/>\n\t<meta property=\"og:image:width\" content=\"600\" \/>\n\t<meta property=\"og:image:height\" content=\"592\" \/>\n\t<meta property=\"og:image:type\" content=\"image\/png\" \/>\n<meta name=\"twitter:card\" content=\"summary_large_image\" \/>\n<meta name=\"twitter:label1\" content=\"Est. reading time\" \/>\n\t<meta name=\"twitter:data1\" content=\"4 minutes\" \/>\n<script type=\"application\/ld+json\" class=\"yoast-schema-graph\">{\"@context\":\"https:\\\/\\\/schema.org\",\"@graph\":[{\"@type\":\"WebPage\",\"@id\":\"https:\\\/\\\/amalashes.com\\\/produs\\\/extensii-gene-negre-0-10-amaria-collection-ama-lashes\\\/\",\"url\":\"https:\\\/\\\/amalashes.com\\\/produs\\\/extensii-gene-negre-0-10-amaria-collection-ama-lashes\\\/\",\"name\":\"Extensii gene negre 0.10 Amaria | AMA Lashes\",\"isPartOf\":{\"@id\":\"https:\\\/\\\/amalashes.com\\\/#website\"},\"primaryImageOfPage\":{\"@id\":\"https:\\\/\\\/amalashes.com\\\/produs\\\/extensii-gene-negre-0-10-amaria-collection-ama-lashes\\\/#primaryimage\"},\"image\":{\"@id\":\"https:\\\/\\\/amalashes.com\\\/produs\\\/extensii-gene-negre-0-10-amaria-collection-ama-lashes\\\/#primaryimage\"},\"thumbnailUrl\":\"https:\\\/\\\/amalashes.com\\\/wp-content\\\/uploads\\\/2025\\\/03\\\/extensii-gene-negre-0.10-amaria-collection-ama-lashes.png\",\"datePublished\":\"2025-03-27T14:41:08+00:00\",\"dateModified\":\"2026-04-23T21:21:39+00:00\",\"description\":\"Extensii de gene negre fir cu fir 0.10 Amaria Collection | Banda non-stick asigura desprinderea extensiilor usor fara a lasa resturi de adeziv | AMA Lashes\",\"breadcrumb\":{\"@id\":\"https:\\\/\\\/amalashes.com\\\/produs\\\/extensii-gene-negre-0-10-amaria-collection-ama-lashes\\\/#breadcrumb\"},\"inLanguage\":\"en-GB\",\"potentialAction\":[{\"@type\":\"ReadAction\",\"target\":[\"https:\\\/\\\/amalashes.com\\\/produs\\\/extensii-gene-negre-0-10-amaria-collection-ama-lashes\\\/\"]}]},{\"@type\":\"ImageObject\",\"inLanguage\":\"en-GB\",\"@id\":\"https:\\\/\\\/amalashes.com\\\/produs\\\/extensii-gene-negre-0-10-amaria-collection-ama-lashes\\\/#primaryimage\",\"url\":\"https:\\\/\\\/amalashes.com\\\/wp-content\\\/uploads\\\/2025\\\/03\\\/extensii-gene-negre-0.10-amaria-collection-ama-lashes.png\",\"contentUrl\":\"https:\\\/\\\/amalashes.com\\\/wp-content\\\/uploads\\\/2025\\\/03\\\/extensii-gene-negre-0.10-amaria-collection-ama-lashes.png\",\"width\":600,\"height\":592,\"caption\":\"Extensii gene negre 0.10 Amaria Collection AMA Lashes\"},{\"@type\":\"BreadcrumbList\",\"@id\":\"https:\\\/\\\/amalashes.com\\\/produs\\\/extensii-gene-negre-0-10-amaria-collection-ama-lashes\\\/#breadcrumb\",\"itemListElement\":[{\"@type\":\"ListItem\",\"position\":1,\"name\":\"Prima pagin\u0103\",\"item\":\"https:\\\/\\\/amalashes.com\\\/\"},{\"@type\":\"ListItem\",\"position\":2,\"name\":\"AMA SHOP\",\"item\":\"https:\\\/\\\/amalashes.com\\\/ama-lashes-shop\\\/\"},{\"@type\":\"ListItem\",\"position\":3,\"name\":\"Extensii Gene Negre 0.10 Amaria Collection &#8211; AMA Lashes\"}]},{\"@type\":\"WebSite\",\"@id\":\"https:\\\/\\\/amalashes.com\\\/#website\",\"url\":\"https:\\\/\\\/amalashes.com\\\/\",\"name\":\"AMA Lashes\",\"description\":\"Eyelash Extension Courses and Eyelash Extension Products, Lash Academy AMA Lashes. We offer you the most complete eyelash extension courses with an accredited diploma and a wide range of products and accessories for the application and maintenance of thread-by-thread eyelash extensions, of superior quality at a fair price. AMA Lashes products cannot be missing from the kit of a professional thread-by-thread eyelash extension technician.\",\"publisher\":{\"@id\":\"https:\\\/\\\/amalashes.com\\\/#organization\"},\"potentialAction\":[{\"@type\":\"SearchAction\",\"target\":{\"@type\":\"EntryPoint\",\"urlTemplate\":\"https:\\\/\\\/amalashes.com\\\/?s={search_term_string}\"},\"query-input\":{\"@type\":\"PropertyValueSpecification\",\"valueRequired\":true,\"valueName\":\"search_term_string\"}}],\"inLanguage\":\"en-GB\"},{\"@type\":\"Organization\",\"@id\":\"https:\\\/\\\/amalashes.com\\\/#organization\",\"name\":\"AMA Lashes\",\"url\":\"https:\\\/\\\/amalashes.com\\\/\",\"logo\":{\"@type\":\"ImageObject\",\"inLanguage\":\"en-GB\",\"@id\":\"https:\\\/\\\/amalashes.com\\\/#\\\/schema\\\/logo\\\/image\\\/\",\"url\":\"https:\\\/\\\/amalashes.com\\\/wp-content\\\/uploads\\\/2020\\\/12\\\/Logo-on-black.png\",\"contentUrl\":\"https:\\\/\\\/amalashes.com\\\/wp-content\\\/uploads\\\/2020\\\/12\\\/Logo-on-black.png\",\"width\":1920,\"height\":1920,\"caption\":\"AMA Lashes\"},\"image\":{\"@id\":\"https:\\\/\\\/amalashes.com\\\/#\\\/schema\\\/logo\\\/image\\\/\"},\"sameAs\":[\"https:\\\/\\\/www.facebook.com\\\/amalashesacademy\\\/\",\"https:\\\/\\\/www.instagram.com\\\/ama_lashes\\\/\",\"https:\\\/\\\/www.youtube.com\\\/channel\\\/UC8xFLI71s3u-oFj2OkPqSUg\"]}]}<\/script>\n<!-- \/ Yoast SEO plugin. -->","yoast_head_json":{"title":"Extensii gene negre 0.10 Amaria | AMA Lashes","robots":{"index":"index","follow":"follow","max-snippet":"max-snippet:-1","max-image-preview":"max-image-preview:large","max-video-preview":"max-video-preview:-1"},"canonical":"https:\/\/amalashes.com\/produs\/extensii-gene-negre-0-10-amaria-collection-ama-lashes\/","og_locale":"en_GB","og_type":"article","og_title":"Extensii Gene Negre 0.10 Amaria Collection - AMA Lashes | AMA Lashes","og_url":"https:\/\/amalashes.com\/produs\/extensii-gene-negre-0-10-amaria-collection-ama-lashes\/","og_site_name":"AMA Lashes","article_publisher":"https:\/\/www.facebook.com\/amalashesacademy\/","article_modified_time":"2026-04-23T21:21:39+00:00","og_image":[{"width":600,"height":592,"url":"https:\/\/amalashes.com\/wp-content\/uploads\/2025\/03\/extensii-gene-negre-0.10-amaria-collection-ama-lashes.png","type":"image\/png"}],"twitter_card":"summary_large_image","twitter_misc":{"Est. reading time":"4 minutes"},"schema":{"@context":"https:\/\/schema.org","@graph":[{"@type":"WebPage","@id":"https:\/\/amalashes.com\/produs\/extensii-gene-negre-0-10-amaria-collection-ama-lashes\/","url":"https:\/\/amalashes.com\/produs\/extensii-gene-negre-0-10-amaria-collection-ama-lashes\/","name":"Extensii gene negre 0.10 Amaria | AMA Lashes","isPartOf":{"@id":"https:\/\/amalashes.com\/#website"},"primaryImageOfPage":{"@id":"https:\/\/amalashes.com\/produs\/extensii-gene-negre-0-10-amaria-collection-ama-lashes\/#primaryimage"},"image":{"@id":"https:\/\/amalashes.com\/produs\/extensii-gene-negre-0-10-amaria-collection-ama-lashes\/#primaryimage"},"thumbnailUrl":"https:\/\/amalashes.com\/wp-content\/uploads\/2025\/03\/extensii-gene-negre-0.10-amaria-collection-ama-lashes.png","datePublished":"2025-03-27T14:41:08+00:00","dateModified":"2026-04-23T21:21:39+00:00","description":"Extensii de gene negre fir cu fir 0.10 Amaria Collection | Banda non-stick asigura desprinderea extensiilor usor fara a lasa resturi de adeziv | AMA Lashes","breadcrumb":{"@id":"https:\/\/amalashes.com\/produs\/extensii-gene-negre-0-10-amaria-collection-ama-lashes\/#breadcrumb"},"inLanguage":"en-GB","potentialAction":[{"@type":"ReadAction","target":["https:\/\/amalashes.com\/produs\/extensii-gene-negre-0-10-amaria-collection-ama-lashes\/"]}]},{"@type":"ImageObject","inLanguage":"en-GB","@id":"https:\/\/amalashes.com\/produs\/extensii-gene-negre-0-10-amaria-collection-ama-lashes\/#primaryimage","url":"https:\/\/amalashes.com\/wp-content\/uploads\/2025\/03\/extensii-gene-negre-0.10-amaria-collection-ama-lashes.png","contentUrl":"https:\/\/amalashes.com\/wp-content\/uploads\/2025\/03\/extensii-gene-negre-0.10-amaria-collection-ama-lashes.png","width":600,"height":592,"caption":"Extensii gene negre 0.10 Amaria Collection AMA Lashes"},{"@type":"BreadcrumbList","@id":"https:\/\/amalashes.com\/produs\/extensii-gene-negre-0-10-amaria-collection-ama-lashes\/#breadcrumb","itemListElement":[{"@type":"ListItem","position":1,"name":"Prima pagin\u0103","item":"https:\/\/amalashes.com\/"},{"@type":"ListItem","position":2,"name":"AMA SHOP","item":"https:\/\/amalashes.com\/ama-lashes-shop\/"},{"@type":"ListItem","position":3,"name":"Extensii Gene Negre 0.10 Amaria Collection &#8211; AMA Lashes"}]},{"@type":"WebSite","@id":"https:\/\/amalashes.com\/#website","url":"https:\/\/amalashes.com\/","name":"AMA Lashes","description":"Eyelash Extension Courses and Eyelash Extension Products, Lash Academy AMA Lashes. We offer you the most complete eyelash extension courses with an accredited diploma and a wide range of products and accessories for the application and maintenance of thread-by-thread eyelash extensions, of superior quality at a fair price. AMA Lashes products cannot be missing from the kit of a professional thread-by-thread eyelash extension technician.","publisher":{"@id":"https:\/\/amalashes.com\/#organization"},"potentialAction":[{"@type":"SearchAction","target":{"@type":"EntryPoint","urlTemplate":"https:\/\/amalashes.com\/?s={search_term_string}"},"query-input":{"@type":"PropertyValueSpecification","valueRequired":true,"valueName":"search_term_string"}}],"inLanguage":"en-GB"},{"@type":"Organization","@id":"https:\/\/amalashes.com\/#organization","name":"AMA Lashes","url":"https:\/\/amalashes.com\/","logo":{"@type":"ImageObject","inLanguage":"en-GB","@id":"https:\/\/amalashes.com\/#\/schema\/logo\/image\/","url":"https:\/\/amalashes.com\/wp-content\/uploads\/2020\/12\/Logo-on-black.png","contentUrl":"https:\/\/amalashes.com\/wp-content\/uploads\/2020\/12\/Logo-on-black.png","width":1920,"height":1920,"caption":"AMA Lashes"},"image":{"@id":"https:\/\/amalashes.com\/#\/schema\/logo\/image\/"},"sameAs":["https:\/\/www.facebook.com\/amalashesacademy\/","https:\/\/www.instagram.com\/ama_lashes\/","https:\/\/www.youtube.com\/channel\/UC8xFLI71s3u-oFj2OkPqSUg"]}]}},"_links":{"self":[{"href":"https:\/\/amalashes.com\/gb\/wp-json\/wp\/v2\/product\/14476","targetHints":{"allow":["GET"]}}],"collection":[{"href":"https:\/\/amalashes.com\/gb\/wp-json\/wp\/v2\/product"}],"about":[{"href":"https:\/\/amalashes.com\/gb\/wp-json\/wp\/v2\/types\/product"}],"replies":[{"embeddable":true,"href":"https:\/\/amalashes.com\/gb\/wp-json\/wp\/v2\/comments?post=14476"}],"wp:featuredmedia":[{"embeddable":true,"href":"https:\/\/amalashes.com\/gb\/wp-json\/wp\/v2\/media\/18707"}],"wp:attachment":[{"href":"https:\/\/amalashes.com\/gb\/wp-json\/wp\/v2\/media?parent=14476"}],"wp:term":[{"taxonomy":"product_brand","embeddable":true,"href":"https:\/\/amalashes.com\/gb\/wp-json\/wp\/v2\/product_brand?post=14476"},{"taxonomy":"product_cat","embeddable":true,"href":"https:\/\/amalashes.com\/gb\/wp-json\/wp\/v2\/product_cat?post=14476"},{"taxonomy":"product_tag","embeddable":true,"href":"https:\/\/amalashes.com\/gb\/wp-json\/wp\/v2\/product_tag?post=14476"}],"curies":[{"name":"wp","href":"https:\/\/api.w.org\/{rel}","templated":true}]}}